{"id":25,"date":"2020-08-05T13:34:59","date_gmt":"2020-08-05T13:34:59","guid":{"rendered":"https:\/\/www.wetra-muelsen.de\/?page_id=25"},"modified":"2021-03-08T12:12:37","modified_gmt":"2021-03-08T12:12:37","slug":"sonderanfertigungen","status":"publish","type":"page","link":"https:\/\/www.wetra-muelsen.de\/?page_id=25","title":{"rendered":"Sonderanfertigungen"},"content":{"rendered":"<section id=\"builder-section-text_13\" class=\"builder-section-first builder-section builder-section-text builder-section-last builder-text-columns-2\" style=\"background-size: cover; background-repeat: no-repeat;background-position: center center;\">\n<div class=\"builder-section-content\">\n<div class=\"builder-text-row\">\n<div class=\"builder-text-column builder-text-column-1\" id=\"builder-section-text_13-column-1\">\n<div class=\"builder-text-content\">\n<h3><strong>Abkantprofile<\/strong><\/h3>\n<div class=\"su-box su-box-style-default\" id=\"\" style=\"border-color:#004892;border-radius:3px;max-width:none\"><div class=\"su-box-title\" style=\"background-color:#007BC5;color:#FFFFFF;border-top-left-radius:1px;border-top-right-radius:1px\">Baubleche und Abkantprofile - Zuschnitt bis 1000 mm Breite 6400 mm L\u00e4nge:<\/div><div class=\"su-box-content su-u-clearfix su-u-trim\" style=\"border-bottom-left-radius:1px;border-bottom-right-radius:1px\">\n<table id=\"tablepress-6\" class=\"tablepress tablepress-id-6\">\n<tbody>\n<tr class=\"row-1\">\n\t<td class=\"column-1\"><strong>Farbe<\/strong><\/td><td class=\"column-2\"><strong>Material<\/strong><\/td><td class=\"column-3\"><strong>Ma\u00dfe<\/strong><\/td>\n<\/tr>\n<tr class=\"row-2\">\n\t<td class=\"column-1\"><img loading=\"lazy\" decoding=\"async\" src=\"https:\/\/www.wetra-muelsen.de\/wp-content\/uploads\/2020\/10\/f_zink_blank.gif\" alt=\"\" width=\"50\" height=\"20\" class=\"alignnone size-full wp-image-439\" \/><\/td><td class=\"column-2\">Zink - blank<\/td><td class=\"column-3\">0,7 bis 1,0 mm<\/td>\n<\/tr>\n<tr class=\"row-3\">\n\t<td class=\"column-1\"><img loading=\"lazy\" decoding=\"async\" src=\"https:\/\/www.wetra-muelsen.de\/wp-content\/uploads\/2020\/10\/f_zink_bewittert.gif\" alt=\"\" width=\"50\" height=\"20\" class=\"alignnone size-full wp-image-445\" \/><\/td><td class=\"column-2\">Zink - vorbewittert<\/td><td class=\"column-3\">0,7 bis 1,0 mm<\/td>\n<\/tr>\n<tr class=\"row-4\">\n\t<td class=\"column-1\"><img loading=\"lazy\" decoding=\"async\" src=\"https:\/\/www.wetra-muelsen.de\/wp-content\/uploads\/2020\/10\/f_kupfer.gif\" alt=\"\" width=\"50\" height=\"20\" class=\"alignnone size-full wp-image-444\" \/><\/td><td class=\"column-2\">Kupfer<\/td><td class=\"column-3\">0,6 bis 1,0 mm<\/td>\n<\/tr>\n<tr class=\"row-5\">\n\t<td class=\"column-1\"><img loading=\"lazy\" decoding=\"async\" src=\"https:\/\/www.wetra-muelsen.de\/wp-content\/uploads\/2020\/10\/f_alu_blank.gif\" alt=\"\" width=\"50\" height=\"20\" class=\"alignnone size-full wp-image-440\" \/><\/td><td class=\"column-2\">Aluminium<\/td><td class=\"column-3\">0,7 bis 1,0 mm<\/td>\n<\/tr>\n<tr class=\"row-6\">\n\t<td class=\"column-1\"><img loading=\"lazy\" decoding=\"async\" src=\"https:\/\/www.wetra-muelsen.de\/wp-content\/uploads\/2020\/10\/f_alu_farbig.gif\" alt=\"\" width=\"50\" height=\"20\" class=\"alignnone size-full wp-image-442\" \/><\/td><td class=\"column-2\">Aluminium - farbig<\/td><td class=\"column-3\">0,7 bis 1,0 mm<\/td>\n<\/tr>\n<tr class=\"row-7\">\n\t<td class=\"column-1\"><img loading=\"lazy\" decoding=\"async\" src=\"https:\/\/www.wetra-muelsen.de\/wp-content\/uploads\/2020\/10\/f_edelstahl.gif\" alt=\"\" width=\"50\" height=\"20\" class=\"alignnone size-full wp-image-443\" \/><\/td><td class=\"column-2\">Edelstahl<\/td><td class=\"column-3\">0,4 bis 0,5 mm<\/td>\n<\/tr>\n<\/tbody>\n<\/table>\n<!-- #tablepress-6 from cache --><\/div><\/div>\n<div class=\"su-box su-box-style-default\" id=\"\" style=\"border-color:#004892;border-radius:3px;max-width:none\"><div class=\"su-box-title\" style=\"background-color:#007BC5;color:#FFFFFF;border-top-left-radius:1px;border-top-right-radius:1px\"> Zuschnitt bis 1500 mm Breite 4000 mm L\u00e4nge:<\/div><div class=\"su-box-content su-u-clearfix su-u-trim\" style=\"border-bottom-left-radius:1px;border-bottom-right-radius:1px\">\n<table id=\"tablepress-7\" class=\"tablepress tablepress-id-7\">\n<tbody>\n<tr class=\"row-1\">\n\t<td class=\"column-1\"><strong>Farbe<\/strong><\/td><td class=\"column-2\"><strong>Material<\/strong><\/td><td class=\"column-3\"><strong>Ma\u00dfe<\/strong><\/td>\n<\/tr>\n<tr class=\"row-2\">\n\t<td class=\"column-1\"><img loading=\"lazy\" decoding=\"async\" src=\"https:\/\/www.wetra-muelsen.de\/wp-content\/uploads\/2020\/10\/f_alu_blank.gif\" alt=\"\" width=\"50\" height=\"20\" class=\"alignnone size-full wp-image-440\" \/><\/td><td class=\"column-2\">Aluminium<\/td><td class=\"column-3\">1,0 bis 3,0 mm<\/td>\n<\/tr>\n<tr class=\"row-3\">\n\t<td class=\"column-1\"><img loading=\"lazy\" decoding=\"async\" src=\"https:\/\/www.wetra-muelsen.de\/wp-content\/uploads\/2020\/10\/f_zink_blank.gif\" alt=\"\" width=\"50\" height=\"20\" class=\"alignnone size-full wp-image-439\" \/><\/td><td class=\"column-2\">Blech - verzinkt<\/td><td class=\"column-3\">0,75 bis 2,0 mm<\/td>\n<\/tr>\n<tr class=\"row-4\">\n\t<td class=\"column-1\"><img loading=\"lazy\" decoding=\"async\" src=\"https:\/\/www.wetra-muelsen.de\/wp-content\/uploads\/2020\/10\/f_edelstahl.gif\" alt=\"\" width=\"50\" height=\"20\" class=\"alignnone size-full wp-image-443\" \/><\/td><td class=\"column-2\">Edelstahl<\/td><td class=\"column-3\">0,8 bis 1,0 mm<\/td>\n<\/tr>\n<\/tbody>\n<\/table>\n<!-- #tablepress-7 from cache --><\/div><\/div>\n<p>Andere Zuschnitte auf Anfrage.<br \/>Kantungen von Fassadenprofilen auf Wunsch m\u00f6glich.<\/p>\n<hr class=\"ttfmake-hr\" style=\"border-style: solid; border-top-width: 1px;\" \/>\n<h3><strong>Mauerabdeckungen und Rillensto\u00dfverbinder<\/strong><\/h3>\n<ul>\n<li>Auf Wunsch k\u00f6nnen Seitenteile angeschwei\u00dft bzw. -gel\u00f6tet werden.<\/li>\n<li>Weiterhin f\u00fchren wir Schwei\u00dfarbeiten an Aluminium-Kantteilen f\u00fcr Sie aus.<\/li>\n<\/ul>\n<hr class=\"ttfmake-hr\" \/>\n<p><img loading=\"lazy\" decoding=\"async\" class=\"wp-image-552 alignright\" src=\"https:\/\/www.wetra-muelsen.de\/wp-content\/uploads\/2020\/10\/titel_wetra_produktuebersicht.png\" alt=\"\" width=\"300\" height=\"350\" srcset=\"https:\/\/www.wetra-muelsen.de\/wp-content\/uploads\/2020\/10\/titel_wetra_produktuebersicht.png 755w, https:\/\/www.wetra-muelsen.de\/wp-content\/uploads\/2020\/10\/titel_wetra_produktuebersicht-257x300.png 257w\" sizes=\"auto, (max-width: 300px) 100vw, 300px\" \/><\/p>\n<p><strong>Download<\/strong><\/p>\n<p><a href=\"https:\/\/www.wetra-muelsen.de\/wp-content\/uploads\/2021\/02\/Produktuebersicht-WETRA.pdf\">Produkt\u00fcbersicht WETRA<\/a><\/p>\n<p>\u00a0<\/p>\n<hr class=\"ttfmake-hr\" style=\"border-style: solid; border-top-width: 1px;\" \/>\n\t\t\t\t\t<\/div>\n<\/p><\/div>\n<div class=\"builder-text-column builder-text-column-2\" id=\"builder-section-text_13-column-2\">\n<div class=\"builder-text-content\">\n<h3><strong>Fensterb\u00e4nke und Zubeh\u00f6r<br \/><\/strong><\/h3>\n<div class=\"su-box su-box-style-default\" id=\"\" style=\"border-color:#004892;border-radius:3px;max-width:none\"><div class=\"su-box-title\" style=\"background-color:#007BC5;color:#FFFFFF;border-top-left-radius:1px;border-top-right-radius:1px\">Fensterbleche gerade und runde Form:<\/div><div class=\"su-box-content su-u-clearfix su-u-trim\" style=\"border-bottom-left-radius:1px;border-bottom-right-radius:1px\">\n<table id=\"tablepress-8\" class=\"tablepress tablepress-id-8\">\n<tbody>\n<tr class=\"row-1\">\n\t<td class=\"column-1\"><strong>Farbe<\/strong><\/td><td class=\"column-2\"><strong>Material<\/strong><\/td>\n<\/tr>\n<tr class=\"row-2\">\n\t<td class=\"column-1\"><img loading=\"lazy\" decoding=\"async\" src=\"https:\/\/www.wetra-muelsen.de\/wp-content\/uploads\/2020\/10\/f_zink_blank.gif\" alt=\"\" width=\"50\" height=\"20\" class=\"alignnone size-full wp-image-439\" \/><\/td><td class=\"column-2\">Zink - blank<\/td>\n<\/tr>\n<tr class=\"row-3\">\n\t<td class=\"column-1\"><img loading=\"lazy\" decoding=\"async\" src=\"https:\/\/www.wetra-muelsen.de\/wp-content\/uploads\/2020\/10\/f_zink_bewittert.gif\" alt=\"\" width=\"50\" height=\"20\" class=\"alignnone size-full wp-image-445\" \/><\/td><td class=\"column-2\">Zink - vorbewittert<\/td>\n<\/tr>\n<tr class=\"row-4\">\n\t<td class=\"column-1\"><img loading=\"lazy\" decoding=\"async\" src=\"https:\/\/www.wetra-muelsen.de\/wp-content\/uploads\/2020\/10\/f_kupfer.gif\" alt=\"\" width=\"50\" height=\"20\" class=\"alignnone size-full wp-image-444\" \/><\/td><td class=\"column-2\">Kupfer<\/td>\n<\/tr>\n<tr class=\"row-5\">\n\t<td class=\"column-1\"><img loading=\"lazy\" decoding=\"async\" src=\"https:\/\/www.wetra-muelsen.de\/wp-content\/uploads\/2020\/10\/f_alu_blank.gif\" alt=\"\" width=\"50\" height=\"20\" class=\"alignnone size-full wp-image-440\" \/><\/td><td class=\"column-2\">Aluminium<\/td>\n<\/tr>\n<tr class=\"row-6\">\n\t<td class=\"column-1\"><img loading=\"lazy\" decoding=\"async\" src=\"https:\/\/www.wetra-muelsen.de\/wp-content\/uploads\/2020\/10\/f_alu_braun.gif\" alt=\"\" width=\"50\" height=\"20\" class=\"alignnone size-full wp-image-441\" \/><\/td><td class=\"column-2\">RAL-Farben<\/td>\n<\/tr>\n<tr class=\"row-7\">\n\t<td class=\"column-1\"><img loading=\"lazy\" decoding=\"async\" src=\"https:\/\/www.wetra-muelsen.de\/wp-content\/uploads\/2020\/10\/f_alu_farbig.gif\" alt=\"\" width=\"50\" height=\"20\" class=\"alignnone size-full wp-image-442\" \/><\/td><td class=\"column-2\">Aluminium<br \/>\nfarbig, silber, eloxiert, wei\u00df, braun<\/td>\n<\/tr>\n<\/tbody>\n<\/table>\n<!-- #tablepress-8 from cache --><\/div><\/div>\n<p>Sonderausladungen bis 1400 mm Tiefe m\u00f6glich!<\/p>\n<ul>\n<li>Sto\u00df- und Eckverbinder f\u00fcr Fensterb\u00e4nke<\/li>\n<li>Vario-Fensterbankhalter &#8211;&gt; Sondergr\u00f6\u00dfen m\u00f6glich!<\/li>\n<\/ul>\n<hr class=\"ttfmake-hr\" style=\"border-style: solid; border-top-width: 1px;\" \/>\n<h3><strong>Vorprofilierte Schare<br \/><\/strong><\/h3>\n<div class=\"su-box su-box-style-default\" id=\"\" style=\"border-color:#004892;border-radius:3px;max-width:none\"><div class=\"su-box-title\" style=\"background-color:#007BC5;color:#FFFFFF;border-top-left-radius:1px;border-top-right-radius:1px\">Stehfalzdeckung gerade oder gerundet<\/div><div class=\"su-box-content su-u-clearfix su-u-trim\" style=\"border-bottom-left-radius:1px;border-bottom-right-radius:1px\">\n<table id=\"tablepress-9\" class=\"tablepress tablepress-id-9\">\n<tbody>\n<tr class=\"row-1\">\n\t<td class=\"column-1\"><strong>Farbe<\/strong><\/td><td class=\"column-2\"><strong>Material<\/strong><\/td><td class=\"column-3\"><strong>Ma\u00dfe<\/strong><\/td>\n<\/tr>\n<tr class=\"row-2\">\n\t<td class=\"column-1\"><img loading=\"lazy\" decoding=\"async\" src=\"https:\/\/www.wetra-muelsen.de\/wp-content\/uploads\/2020\/10\/f_zink_blank.gif\" alt=\"\" width=\"50\" height=\"20\" class=\"alignnone size-full wp-image-439\" \/><\/td><td class=\"column-2\">Zink - blank<\/td><td class=\"column-3\">0,7 bis 0,8 mm<\/td>\n<\/tr>\n<tr class=\"row-3\">\n\t<td class=\"column-1\"><img loading=\"lazy\" decoding=\"async\" src=\"https:\/\/www.wetra-muelsen.de\/wp-content\/uploads\/2020\/10\/f_zink_bewittert.gif\" alt=\"\" width=\"50\" height=\"20\" class=\"alignnone size-full wp-image-445\" \/><\/td><td class=\"column-2\">Zink - vorbewittert<\/td><td class=\"column-3\">0,7 bis 0,8 mm<\/td>\n<\/tr>\n<tr class=\"row-4\">\n\t<td class=\"column-1\"><img loading=\"lazy\" decoding=\"async\" src=\"https:\/\/www.wetra-muelsen.de\/wp-content\/uploads\/2020\/10\/f_alu_blank.gif\" alt=\"\" width=\"50\" height=\"20\" class=\"alignnone size-full wp-image-440\" \/><\/td><td class=\"column-2\">Alunimium - blank<\/td><td class=\"column-3\">0,7 bis 0,8 mm<\/td>\n<\/tr>\n<tr class=\"row-5\">\n\t<td class=\"column-1\"><img loading=\"lazy\" decoding=\"async\" src=\"https:\/\/www.wetra-muelsen.de\/wp-content\/uploads\/2020\/10\/f_kupfer.gif\" alt=\"\" width=\"50\" height=\"20\" class=\"alignnone size-full wp-image-444\" \/><\/td><td class=\"column-2\">Kupfer <\/td><td class=\"column-3\">0,6 bis 0,7 mm<\/td>\n<\/tr>\n<tr class=\"row-6\">\n\t<td class=\"column-1\"><img loading=\"lazy\" decoding=\"async\" src=\"https:\/\/www.wetra-muelsen.de\/wp-content\/uploads\/2020\/10\/f_alu_farbig.gif\" alt=\"\" width=\"50\" height=\"20\" class=\"alignnone size-full wp-image-442\" \/><\/td><td class=\"column-2\">Aluminium - farbbeschichtet, <br \/>\nstucco oder glatt<\/td><td class=\"column-3\">0,7 mm<\/td>\n<\/tr>\n<tr class=\"row-7\">\n\t<td class=\"column-1\"><img loading=\"lazy\" decoding=\"async\" src=\"https:\/\/www.wetra-muelsen.de\/wp-content\/uploads\/2020\/10\/f_edelstahl.gif\" alt=\"\" width=\"50\" height=\"20\" class=\"alignnone size-full wp-image-443\" \/><\/td><td class=\"column-2\">Edelstahl<\/td><td class=\"column-3\">0,4 bis 0,5 mm<\/td>\n<\/tr>\n<\/tbody>\n<\/table>\n<!-- #tablepress-9 from cache --><\/div><\/div>\n<ul>\n<li>Andere Materialien auf Anfrage.<\/li>\n<\/ul>\n<hr class=\"ttfmake-hr\" style=\"border-style: solid; border-top-width: 1px;\" \/>\n<div class=\"su-box su-box-style-default\" id=\"\" style=\"border-color:#004892;border-radius:3px;max-width:none\"><div class=\"su-box-title\" style=\"background-color:#007BC5;color:#FFFFFF;border-top-left-radius:1px;border-top-right-radius:1px\">Befestigungsmaterial Festhafter f\u00fcr Stehfalzdeckung<\/div><div class=\"su-box-content su-u-clearfix su-u-trim\" style=\"border-bottom-left-radius:1px;border-bottom-right-radius:1px\">\n<table id=\"tablepress-11\" class=\"tablepress tablepress-id-11\">\n<tbody>\n<tr class=\"row-1\">\n\t<td class=\"column-1\"><strong>Farbe<\/strong><\/td><td class=\"column-2\"><strong>Material<\/strong><\/td>\n<\/tr>\n<tr class=\"row-2\">\n\t<td class=\"column-1\"><img loading=\"lazy\" decoding=\"async\" src=\"https:\/\/www.wetra-muelsen.de\/wp-content\/uploads\/2020\/10\/f_edelstahl.gif\" alt=\"\" width=\"50\" height=\"20\" class=\"alignnone size-full wp-image-443\" \/><\/td><td class=\"column-2\">Edelstahl<\/td>\n<\/tr>\n<\/tbody>\n<\/table>\n<!-- #tablepress-11 from cache --><\/div><\/div>\n<\/p><\/div>\n<\/p><\/div>\n<\/p><\/div>\n<\/p><\/div>\n<\/section>\n","protected":false},"excerpt":{"rendered":"<p>Abkantprofile Andere Zuschnitte auf Anfrage.Kantungen von Fassadenprofilen auf Wunsch m\u00f6glich. Mauerabdeckungen und Rillensto\u00dfverbinder Auf Wunsch k\u00f6nnen Seitenteile angeschwei\u00dft bzw. -gel\u00f6tet werden. Weiterhin f\u00fchren wir Schwei\u00dfarbeiten an Aluminium-Kantteilen f\u00fcr Sie aus. Download Produkt\u00fcbersicht WETRA \u00a0 Fensterb\u00e4nke und Zubeh\u00f6r Sonderausladungen bis 1400 mm Tiefe m\u00f6glich! Sto\u00df- und Eckverbinder f\u00fcr Fensterb\u00e4nke Vario-Fensterbankhalter &#8211;&gt; Sondergr\u00f6\u00dfen m\u00f6glich! Vorprofilierte Schare Andere &hellip;<\/p>\n","protected":false},"author":1,"featured_media":0,"parent":0,"menu_order":0,"comment_status":"closed","ping_status":"closed","template":"template-builder.php","meta":{"footnotes":""},"class_list":["post-25","page","type-page","status-publish","hentry"],"_links":{"self":[{"href":"https:\/\/www.wetra-muelsen.de\/index.php?rest_route=\/wp\/v2\/pages\/25","targetHints":{"allow":["GET"]}}],"collection":[{"href":"https:\/\/www.wetra-muelsen.de\/index.php?rest_route=\/wp\/v2\/pages"}],"about":[{"href":"https:\/\/www.wetra-muelsen.de\/index.php?rest_route=\/wp\/v2\/types\/page"}],"author":[{"embeddable":true,"href":"https:\/\/www.wetra-muelsen.de\/index.php?rest_route=\/wp\/v2\/users\/1"}],"replies":[{"embeddable":true,"href":"https:\/\/www.wetra-muelsen.de\/index.php?rest_route=%2Fwp%2Fv2%2Fcomments&post=25"}],"version-history":[{"count":80,"href":"https:\/\/www.wetra-muelsen.de\/index.php?rest_route=\/wp\/v2\/pages\/25\/revisions"}],"predecessor-version":[{"id":618,"href":"https:\/\/www.wetra-muelsen.de\/index.php?rest_route=\/wp\/v2\/pages\/25\/revisions\/618"}],"wp:attachment":[{"href":"https:\/\/www.wetra-muelsen.de\/index.php?rest_route=%2Fwp%2Fv2%2Fmedia&parent=25"}],"curies":[{"name":"wp","href":"https:\/\/api.w.org\/{rel}","templated":true}]}}